{"id":7484,"date":"2026-03-02T10:02:31","date_gmt":"2026-03-02T13:02:31","guid":{"rendered":"https:\/\/www.granprimevans.com.br\/?page_id=7484"},"modified":"2026-04-24T11:12:15","modified_gmt":"2026-04-24T14:12:15","slug":"home","status":"publish","type":"page","link":"https:\/\/www.granprimevans.com.br\/home\/","title":{"rendered":"Home"},"content":{"rendered":"\t\t<div data-elementor-type=\"wp-page\" data-elementor-id=\"7484\" class=\"elementor elementor-7484\" data-elementor-post-type=\"page\">\n\t\t\t\t<div class=\"elementor-element elementor-element-687a374 e-flex e-con-boxed e-con e-parent\" data-id=\"687a374\" data-element_type=\"container\" data-e-type=\"container\" data-settings=\"{&quot;background_background&quot;:&quot;gradient&quot;}\">\n\t\t\t\t\t<div class=\"e-con-inner\">\n\t\t<div class=\"elementor-element elementor-element-3228641 e-con-full e-flex e-con e-child\" data-id=\"3228641\" data-element_type=\"container\" data-e-type=\"container\">\n\t\t<div class=\"elementor-element elementor-element-c222582 e-con-full e-flex e-con e-child\" data-id=\"c222582\" data-element_type=\"container\" data-e-type=\"container\">\n\t\t\t\t<div class=\"elementor-element elementor-element-deb4db7 elementor-widget elementor-widget-heading\" data-id=\"deb4db7\" data-element_type=\"widget\" data-e-type=\"widget\" data-widget_type=\"heading.default\">\n\t\t\t\t\t<h2 class=\"elementor-heading-title elementor-size-default\">Loca\u00e7\u00e3o de <br> Transportes<\/h2>\t\t\t\t<\/div>\n\t\t\t\t<div class=\"elementor-element elementor-element-cf80c3e elementor-widget elementor-widget-text-editor\" data-id=\"cf80c3e\" data-element_type=\"widget\" data-e-type=\"widget\" data-widget_type=\"text-editor.default\">\n\t\t\t\t\t\t\t\t\t<p>Transporte e Loca\u00e7\u00e3o, <br \/>de Vans, Micro-\u00f4nibus e Carros <br \/>com Motorista<\/p>\t\t\t\t\t\t\t\t<\/div>\n\t\t\t\t<div class=\"elementor-element elementor-element-73d59e6 elementor-widget elementor-widget-heading\" data-id=\"73d59e6\" data-element_type=\"widget\" data-e-type=\"widget\" data-widget_type=\"heading.default\">\n\t\t\t\t\t<h2 class=\"elementor-heading-title elementor-size-default\">Atendimento R\u00e1pido<\/h2>\t\t\t\t<\/div>\n\t\t\t\t<div class=\"elementor-element elementor-element-3af8c0a elementor-widget elementor-widget-heading\" data-id=\"3af8c0a\" data-element_type=\"widget\" data-e-type=\"widget\" data-widget_type=\"heading.default\">\n\t\t\t\t\t<h2 class=\"elementor-heading-title elementor-size-default\"><a href=\"tel:+551341411000\">(13) 4141.1000<\/a><\/h2>\t\t\t\t<\/div>\n\t\t\t\t<div class=\"elementor-element elementor-element-9ed4193 elementor-widget elementor-widget-heading\" data-id=\"9ed4193\" data-element_type=\"widget\" data-e-type=\"widget\" data-widget_type=\"heading.default\">\n\t\t\t\t\t<h2 class=\"elementor-heading-title elementor-size-default\"><a href=\"https:\/\/wa.me\/5513996639999\" target=\"_blank\">(13) 99663-9999<\/a><\/h2>\t\t\t\t<\/div>\n\t\t\t\t<\/div>\n\t\t<div class=\"elementor-element elementor-element-f79a9f5 e-con-full e-flex e-con e-child\" data-id=\"f79a9f5\" data-element_type=\"container\" data-e-type=\"container\">\n\t\t\t\t<div class=\"elementor-element elementor-element-c835804 elementor-hidden-mobile elementor-widget elementor-widget-image\" data-id=\"c835804\" data-element_type=\"widget\" data-e-type=\"widget\" data-widget_type=\"image.default\">\n\t\t\t\t\t\t\t\t\t\t\t\t\t\t\t<img fetchpriority=\"high\" decoding=\"async\" width=\"355\" height=\"500\" src=\"https:\/\/www.granprimevans.com.br\/wp-content\/uploads\/2023\/06\/10-e1772473139492.jpg\" class=\"attachment-large size-large wp-image-7106\" alt=\"\" \/>\t\t\t\t\t\t\t\t\t\t\t\t\t\t\t<\/div>\n\t\t\t\t<div class=\"elementor-element elementor-element-f25d85b elementor-absolute elementor-hidden-mobile elementor-widget elementor-widget-image\" data-id=\"f25d85b\" data-element_type=\"widget\" data-e-type=\"widget\" data-settings=\"{&quot;_position&quot;:&quot;absolute&quot;}\" data-widget_type=\"image.default\">\n\t\t\t\t\t\t\t\t\t\t\t\t\t\t\t<img decoding=\"async\" width=\"903\" height=\"800\" src=\"https:\/\/www.granprimevans.com.br\/wp-content\/uploads\/2023\/06\/logo-granprime-vans-servicos-transporte-baixada-santista-2019-903x800.png\" class=\"attachment-large size-large wp-image-7030\" alt=\"\" srcset=\"https:\/\/www.granprimevans.com.br\/wp-content\/uploads\/2023\/06\/logo-granprime-vans-servicos-transporte-baixada-santista-2019-903x800.png 903w, https:\/\/www.granprimevans.com.br\/wp-content\/uploads\/2023\/06\/logo-granprime-vans-servicos-transporte-baixada-santista-2019-430x381.png 430w, https:\/\/www.granprimevans.com.br\/wp-content\/uploads\/2023\/06\/logo-granprime-vans-servicos-transporte-baixada-santista-2019-700x620.png 700w, https:\/\/www.granprimevans.com.br\/wp-content\/uploads\/2023\/06\/logo-granprime-vans-servicos-transporte-baixada-santista-2019-339x300.png 339w, https:\/\/www.granprimevans.com.br\/wp-content\/uploads\/2023\/06\/logo-granprime-vans-servicos-transporte-baixada-santista-2019-768x680.png 768w, https:\/\/www.granprimevans.com.br\/wp-content\/uploads\/2023\/06\/logo-granprime-vans-servicos-transporte-baixada-santista-2019-1536x1361.png 1536w, https:\/\/www.granprimevans.com.br\/wp-content\/uploads\/2023\/06\/logo-granprime-vans-servicos-transporte-baixada-santista-2019-2048x1814.png 2048w, https:\/\/www.granprimevans.com.br\/wp-content\/uploads\/2023\/06\/logo-granprime-vans-servicos-transporte-baixada-santista-2019-860x762.png 860w\" sizes=\"(max-width: 903px) 100vw, 903px\" \/>\t\t\t\t\t\t\t\t\t\t\t\t\t\t\t<\/div>\n\t\t\t\t<\/div>\n\t\t\t\t<\/div>\n\t\t\t\t\t<\/div>\n\t\t\t\t<\/div>\n\t\t<div class=\"elementor-element elementor-element-7971f8d e-flex e-con-boxed e-con e-parent\" data-id=\"7971f8d\" data-element_type=\"container\" data-e-type=\"container\">\n\t\t\t\t\t<div class=\"e-con-inner\">\n\t\t<div class=\"elementor-element elementor-element-86e1cb2 e-con-full e-flex e-con e-child\" data-id=\"86e1cb2\" data-element_type=\"container\" data-e-type=\"container\">\n\t\t\t\t<div class=\"elementor-element elementor-element-74b0a57 elementor-widget-tablet__width-initial elementor-widget elementor-widget-image\" data-id=\"74b0a57\" data-element_type=\"widget\" data-e-type=\"widget\" data-widget_type=\"image.default\">\n\t\t\t\t\t\t\t\t\t\t\t\t\t\t\t<img decoding=\"async\" width=\"500\" height=\"500\" src=\"https:\/\/www.granprimevans.com.br\/wp-content\/uploads\/2023\/06\/31.jpg\" class=\"attachment-full size-full wp-image-7127\" alt=\"\" srcset=\"https:\/\/www.granprimevans.com.br\/wp-content\/uploads\/2023\/06\/31.jpg 500w, https:\/\/www.granprimevans.com.br\/wp-content\/uploads\/2023\/06\/31-430x430.jpg 430w, https:\/\/www.granprimevans.com.br\/wp-content\/uploads\/2023\/06\/31-100x100.jpg 100w, https:\/\/www.granprimevans.com.br\/wp-content\/uploads\/2023\/06\/31-300x300.jpg 300w, https:\/\/www.granprimevans.com.br\/wp-content\/uploads\/2023\/06\/31-150x150.jpg 150w\" sizes=\"(max-width: 500px) 100vw, 500px\" \/>\t\t\t\t\t\t\t\t\t\t\t\t\t\t\t<\/div>\n\t\t<div class=\"elementor-element elementor-element-d6f2616 e-con-full e-flex e-con e-child\" data-id=\"d6f2616\" data-element_type=\"container\" data-e-type=\"container\">\n\t\t\t\t<div class=\"elementor-element elementor-element-d6dde44 elementor-widget elementor-widget-heading\" data-id=\"d6dde44\" data-element_type=\"widget\" data-e-type=\"widget\" data-widget_type=\"heading.default\">\n\t\t\t\t\t<h2 class=\"elementor-heading-title elementor-size-default\">QUEM SOMOS<\/h2>\t\t\t\t<\/div>\n\t\t\t\t<div class=\"elementor-element elementor-element-74c1268 elementor-widget elementor-widget-text-editor\" data-id=\"74c1268\" data-element_type=\"widget\" data-e-type=\"widget\" data-widget_type=\"text-editor.default\">\n\t\t\t\t\t\t\t\t\t<p>GranPrime Transporte empresa exclusiva especializada em aluguel de Vans ou Carros executivos sempre com motorista para sua comodidade e seguran\u00e7a. Trabalhamos com transporte de executivos, eventos, aeroportos, estrangeiros, turistas, transfer, city tour, congressos, Viagens urbanas, recep\u00e7\u00e3o em empresas, intermunicipais e tamb\u00e9m interestaduais.<\/p>\t\t\t\t\t\t\t\t<\/div>\n\t\t\t\t<\/div>\n\t\t\t\t<\/div>\n\t\t<div class=\"elementor-element elementor-element-56e56a9 e-con-full elementor-hidden-mobile e-flex e-con e-child\" data-id=\"56e56a9\" data-element_type=\"container\" data-e-type=\"container\">\n\t\t\t\t<div class=\"elementor-element elementor-element-3b3680d elementor-widget-tablet__width-initial elementor-widget elementor-widget-image\" data-id=\"3b3680d\" data-element_type=\"widget\" data-e-type=\"widget\" data-widget_type=\"image.default\">\n\t\t\t\t\t\t\t\t\t\t\t\t\t\t\t<img loading=\"lazy\" decoding=\"async\" width=\"500\" height=\"500\" src=\"https:\/\/www.granprimevans.com.br\/wp-content\/uploads\/2023\/06\/23.jpg\" class=\"attachment-large size-large wp-image-7119\" alt=\"\" srcset=\"https:\/\/www.granprimevans.com.br\/wp-content\/uploads\/2023\/06\/23.jpg 500w, https:\/\/www.granprimevans.com.br\/wp-content\/uploads\/2023\/06\/23-430x430.jpg 430w, https:\/\/www.granprimevans.com.br\/wp-content\/uploads\/2023\/06\/23-100x100.jpg 100w, https:\/\/www.granprimevans.com.br\/wp-content\/uploads\/2023\/06\/23-300x300.jpg 300w, https:\/\/www.granprimevans.com.br\/wp-content\/uploads\/2023\/06\/23-150x150.jpg 150w\" sizes=\"(max-width: 500px) 100vw, 500px\" \/>\t\t\t\t\t\t\t\t\t\t\t\t\t\t\t<\/div>\n\t\t<div class=\"elementor-element elementor-element-ceb41d3 e-con-full e-flex e-con e-child\" data-id=\"ceb41d3\" data-element_type=\"container\" data-e-type=\"container\">\n\t\t\t\t<div class=\"elementor-element elementor-element-bfc4426 elementor-widget elementor-widget-heading\" data-id=\"bfc4426\" data-element_type=\"widget\" data-e-type=\"widget\" data-widget_type=\"heading.default\">\n\t\t\t\t\t<h2 class=\"elementor-heading-title elementor-size-default\">Equipe<\/h2>\t\t\t\t<\/div>\n\t\t\t\t<div class=\"elementor-element elementor-element-2c5b608 elementor-widget elementor-widget-text-editor\" data-id=\"2c5b608\" data-element_type=\"widget\" data-e-type=\"widget\" data-widget_type=\"text-editor.default\">\n\t\t\t\t\t\t\t\t\t<p>A GranPrime Transporte possui uma equipe multidisciplinar com apoio 24 horas por dia e 7 dias por semana. Nossos motoristas s\u00e3o especializados, pontuais e comprometidos em garantir o melhor servi\u00e7o com a m\u00e1xima qualidade. Nossa comunica\u00e7\u00e3o \u00e9 imediata atrav\u00e9s de celulares, r\u00e1dio, chat ou WhatsApp tudo isso para facilitar a comunica\u00e7\u00e3o com voc\u00ea!<\/p>\t\t\t\t\t\t\t\t<\/div>\n\t\t\t\t<\/div>\n\t\t\t\t<\/div>\n\t\t<div class=\"elementor-element elementor-element-661da61 e-con-full elementor-hidden-desktop elementor-hidden-tablet e-flex e-con e-child\" data-id=\"661da61\" data-element_type=\"container\" data-e-type=\"container\">\n\t\t<div class=\"elementor-element elementor-element-65eb4c4 e-con-full e-flex e-con e-child\" data-id=\"65eb4c4\" data-element_type=\"container\" data-e-type=\"container\">\n\t\t\t\t<div class=\"elementor-element elementor-element-8f9128e elementor-widget elementor-widget-image\" data-id=\"8f9128e\" data-element_type=\"widget\" data-e-type=\"widget\" data-widget_type=\"image.default\">\n\t\t\t\t\t\t\t\t\t\t\t\t\t\t\t<img loading=\"lazy\" decoding=\"async\" width=\"500\" height=\"500\" src=\"https:\/\/www.granprimevans.com.br\/wp-content\/uploads\/2023\/06\/23.jpg\" class=\"attachment-large size-large wp-image-7119\" alt=\"\" srcset=\"https:\/\/www.granprimevans.com.br\/wp-content\/uploads\/2023\/06\/23.jpg 500w, https:\/\/www.granprimevans.com.br\/wp-content\/uploads\/2023\/06\/23-430x430.jpg 430w, https:\/\/www.granprimevans.com.br\/wp-content\/uploads\/2023\/06\/23-100x100.jpg 100w, https:\/\/www.granprimevans.com.br\/wp-content\/uploads\/2023\/06\/23-300x300.jpg 300w, https:\/\/www.granprimevans.com.br\/wp-content\/uploads\/2023\/06\/23-150x150.jpg 150w\" sizes=\"(max-width: 500px) 100vw, 500px\" \/>\t\t\t\t\t\t\t\t\t\t\t\t\t\t\t<\/div>\n\t\t\t\t<div class=\"elementor-element elementor-element-6a7bd65 elementor-widget elementor-widget-heading\" data-id=\"6a7bd65\" data-element_type=\"widget\" data-e-type=\"widget\" data-widget_type=\"heading.default\">\n\t\t\t\t\t<h2 class=\"elementor-heading-title elementor-size-default\">Equipe<\/h2>\t\t\t\t<\/div>\n\t\t\t\t<div class=\"elementor-element elementor-element-bdfbd87 elementor-widget elementor-widget-text-editor\" data-id=\"bdfbd87\" data-element_type=\"widget\" data-e-type=\"widget\" data-widget_type=\"text-editor.default\">\n\t\t\t\t\t\t\t\t\t<p>A GranPrime Transporte possui uma equipe multidisciplinar com apoio 24 horas por dia e 7 dias por semana. Nossos motoristas s\u00e3o especializados, pontuais e comprometidos em garantir o melhor servi\u00e7o com a m\u00e1xima qualidade. Nossa comunica\u00e7\u00e3o \u00e9 imediata atrav\u00e9s de celulares, r\u00e1dio, chat ou WhatsApp tudo isso para facilitar a comunica\u00e7\u00e3o com voc\u00ea!<\/p>\t\t\t\t\t\t\t\t<\/div>\n\t\t\t\t<\/div>\n\t\t\t\t<\/div>\n\t\t<div class=\"elementor-element elementor-element-a59f955 e-con-full e-flex e-con e-child\" data-id=\"a59f955\" data-element_type=\"container\" data-e-type=\"container\">\n\t\t\t\t<div class=\"elementor-element elementor-element-7318233 elementor-widget-tablet__width-initial elementor-widget elementor-widget-image\" data-id=\"7318233\" data-element_type=\"widget\" data-e-type=\"widget\" data-widget_type=\"image.default\">\n\t\t\t\t\t\t\t\t\t\t\t\t\t\t\t<img loading=\"lazy\" decoding=\"async\" width=\"500\" height=\"500\" src=\"https:\/\/www.granprimevans.com.br\/wp-content\/uploads\/2023\/06\/40.jpg\" class=\"attachment-large size-large wp-image-7137\" alt=\"\" srcset=\"https:\/\/www.granprimevans.com.br\/wp-content\/uploads\/2023\/06\/40.jpg 500w, https:\/\/www.granprimevans.com.br\/wp-content\/uploads\/2023\/06\/40-430x430.jpg 430w, https:\/\/www.granprimevans.com.br\/wp-content\/uploads\/2023\/06\/40-100x100.jpg 100w, https:\/\/www.granprimevans.com.br\/wp-content\/uploads\/2023\/06\/40-300x300.jpg 300w, https:\/\/www.granprimevans.com.br\/wp-content\/uploads\/2023\/06\/40-150x150.jpg 150w\" sizes=\"(max-width: 500px) 100vw, 500px\" \/>\t\t\t\t\t\t\t\t\t\t\t\t\t\t\t<\/div>\n\t\t<div class=\"elementor-element elementor-element-3eb8a94 e-con-full e-flex e-con e-child\" data-id=\"3eb8a94\" data-element_type=\"container\" data-e-type=\"container\">\n\t\t\t\t<div class=\"elementor-element elementor-element-25aefbf elementor-widget elementor-widget-text-editor\" data-id=\"25aefbf\" data-element_type=\"widget\" data-e-type=\"widget\" data-widget_type=\"text-editor.default\">\n\t\t\t\t\t\t\t\t\t<p data-start=\"784\" data-end=\"878\">A GranPrime Loca\u00e7\u00e3o de Transportes \u00e9 uma empresa cadastrada em todos os \u00f3rg\u00e3os fiscalizadores.<\/p><p data-start=\"880\" data-end=\"953\">Fa\u00e7a uma viagem confort\u00e1vel e segura.<br data-start=\"917\" data-end=\"920\" \/>Viaje com a GranPrime Transporte!<\/p>\t\t\t\t\t\t\t\t<\/div>\n\t\t\t\t<\/div>\n\t\t\t\t<\/div>\n\t\t<div class=\"elementor-element elementor-element-64a26b5 e-con-full elementor-hidden-mobile e-flex e-con e-child\" data-id=\"64a26b5\" data-element_type=\"container\" data-e-type=\"container\">\n\t\t\t\t<div class=\"elementor-element elementor-element-096a305 elementor-widget-tablet__width-initial elementor-widget elementor-widget-image\" data-id=\"096a305\" data-element_type=\"widget\" data-e-type=\"widget\" data-widget_type=\"image.default\">\n\t\t\t\t\t\t\t\t\t\t\t\t\t\t\t<img loading=\"lazy\" decoding=\"async\" width=\"500\" height=\"500\" src=\"https:\/\/www.granprimevans.com.br\/wp-content\/uploads\/2023\/06\/27.jpg\" class=\"attachment-large size-large wp-image-7123\" alt=\"\" srcset=\"https:\/\/www.granprimevans.com.br\/wp-content\/uploads\/2023\/06\/27.jpg 500w, https:\/\/www.granprimevans.com.br\/wp-content\/uploads\/2023\/06\/27-430x430.jpg 430w, https:\/\/www.granprimevans.com.br\/wp-content\/uploads\/2023\/06\/27-100x100.jpg 100w, https:\/\/www.granprimevans.com.br\/wp-content\/uploads\/2023\/06\/27-300x300.jpg 300w, https:\/\/www.granprimevans.com.br\/wp-content\/uploads\/2023\/06\/27-150x150.jpg 150w\" sizes=\"(max-width: 500px) 100vw, 500px\" \/>\t\t\t\t\t\t\t\t\t\t\t\t\t\t\t<\/div>\n\t\t<div class=\"elementor-element elementor-element-87eee2c e-con-full e-flex e-con e-child\" data-id=\"87eee2c\" data-element_type=\"container\" data-e-type=\"container\">\n\t\t\t\t<div class=\"elementor-element elementor-element-fd380f0 elementor-widget elementor-widget-heading\" data-id=\"fd380f0\" data-element_type=\"widget\" data-e-type=\"widget\" data-widget_type=\"heading.default\">\n\t\t\t\t\t<h2 class=\"elementor-heading-title elementor-size-default\">Viaje tranquilo<\/h2>\t\t\t\t<\/div>\n\t\t\t\t<div class=\"elementor-element elementor-element-2cc7e07 elementor-widget elementor-widget-text-editor\" data-id=\"2cc7e07\" data-element_type=\"widget\" data-e-type=\"widget\" data-widget_type=\"text-editor.default\">\n\t\t\t\t\t\t\t\t\t<p>GranPrime Loca\u00e7\u00e3o de Transportes atende tamb\u00e9m toda regi\u00e3o da Baixada Santista e Grande S\u00e3o Paulo. Loca\u00e7\u00e3o de VANS e CARROS EXECUTIVOS com motorista, para transporte em Santos, S\u00e3o Vicente, Praia Grande, Guaruj\u00e1, Itanha\u00e9m, Mongagu\u00e1, Peru\u00edbe, Vale do Ribeira, S\u00e3o Paulo, S\u00e3o Bernardo do Campo, Diadema, S\u00e3o Caetano, Santo Andr\u00e9 e cidades pr\u00f3ximas ao ABC \u2013 Solicite or\u00e7amento para outras cidades e estados Brasileiros.<\/p>\t\t\t\t\t\t\t\t<\/div>\n\t\t\t\t<\/div>\n\t\t\t\t<\/div>\n\t\t<div class=\"elementor-element elementor-element-e242101 e-con-full elementor-hidden-desktop elementor-hidden-tablet e-flex e-con e-child\" data-id=\"e242101\" data-element_type=\"container\" data-e-type=\"container\">\n\t\t\t\t<div class=\"elementor-element elementor-element-f4fa087 elementor-widget elementor-widget-image\" data-id=\"f4fa087\" data-element_type=\"widget\" data-e-type=\"widget\" data-widget_type=\"image.default\">\n\t\t\t\t\t\t\t\t\t\t\t\t\t\t\t<img loading=\"lazy\" decoding=\"async\" width=\"500\" height=\"500\" src=\"https:\/\/www.granprimevans.com.br\/wp-content\/uploads\/2023\/06\/27.jpg\" class=\"attachment-large size-large wp-image-7123\" alt=\"\" srcset=\"https:\/\/www.granprimevans.com.br\/wp-content\/uploads\/2023\/06\/27.jpg 500w, https:\/\/www.granprimevans.com.br\/wp-content\/uploads\/2023\/06\/27-430x430.jpg 430w, https:\/\/www.granprimevans.com.br\/wp-content\/uploads\/2023\/06\/27-100x100.jpg 100w, https:\/\/www.granprimevans.com.br\/wp-content\/uploads\/2023\/06\/27-300x300.jpg 300w, https:\/\/www.granprimevans.com.br\/wp-content\/uploads\/2023\/06\/27-150x150.jpg 150w\" sizes=\"(max-width: 500px) 100vw, 500px\" \/>\t\t\t\t\t\t\t\t\t\t\t\t\t\t\t<\/div>\n\t\t<div class=\"elementor-element elementor-element-905ef4f e-con-full e-flex e-con e-child\" data-id=\"905ef4f\" data-element_type=\"container\" data-e-type=\"container\">\n\t\t\t\t<div class=\"elementor-element elementor-element-9d038c0 elementor-widget elementor-widget-heading\" data-id=\"9d038c0\" data-element_type=\"widget\" data-e-type=\"widget\" data-widget_type=\"heading.default\">\n\t\t\t\t\t<h2 class=\"elementor-heading-title elementor-size-default\">Viaje tranquilo<\/h2>\t\t\t\t<\/div>\n\t\t\t\t<div class=\"elementor-element elementor-element-d676d17 elementor-widget elementor-widget-text-editor\" data-id=\"d676d17\" data-element_type=\"widget\" data-e-type=\"widget\" data-widget_type=\"text-editor.default\">\n\t\t\t\t\t\t\t\t\t<p>GranPrime Loca\u00e7\u00e3o de Transportes atende tamb\u00e9m toda regi\u00e3o da Baixada Santista e Grande S\u00e3o Paulo. Loca\u00e7\u00e3o de VANS e CARROS EXECUTIVOS com motorista, para transporte em Santos, S\u00e3o Vicente, Praia Grande, Guaruj\u00e1, Itanha\u00e9m, Mongagu\u00e1, Peru\u00edbe, Vale do Ribeira, S\u00e3o Paulo, S\u00e3o Bernardo do Campo, Diadema, S\u00e3o Caetano, Santo Andr\u00e9 e cidades pr\u00f3ximas ao ABC \u2013 Solicite or\u00e7amento para outras cidades e estados Brasileiros.<\/p>\t\t\t\t\t\t\t\t<\/div>\n\t\t\t\t<\/div>\n\t\t\t\t<\/div>\n\t\t\t\t\t<\/div>\n\t\t\t\t<\/div>\n\t\t\t\t<\/div>\n\t\t","protected":false},"excerpt":{"rendered":"<p>Loca\u00e7\u00e3o de Transportes Transporte e Loca\u00e7\u00e3o, de Vans, Micro-\u00f4nibus e Carros com Motorista Atendimento R\u00e1pido (13) 4141.1000 (13) 99663-9999 QUEM [&hellip;]<\/p>\n","protected":false},"author":3,"featured_media":0,"parent":0,"menu_order":0,"comment_status":"closed","ping_status":"closed","template":"","meta":{"site-sidebar-layout":"no-sidebar","site-content-layout":"","ast-site-content-layout":"full-width-container","site-content-style":"default","site-sidebar-style":"default","ast-global-header-display":"","ast-banner-title-visibility":"","ast-main-header-display":"","ast-hfb-above-header-display":"","ast-hfb-below-header-display":"","ast-hfb-mobile-header-display":"","site-post-title":"disabled","ast-breadcrumbs-content":"","ast-featured-img":"disabled","footer-sml-layout":"","ast-disable-related-posts":"","theme-transparent-header-meta":"","adv-header-id-meta":"","stick-header-meta":"","header-above-stick-meta":"","header-main-stick-meta":"","header-below-stick-meta":"","astra-migrate-meta-layouts":"default","ast-page-background-enabled":"default","ast-page-background-meta":{"desktop":{"background-color":"var(--ast-global-color-5)","background-image":"","background-repeat":"repeat","background-position":"center center","background-size":"auto","background-attachment":"scroll","background-type":"","background-media":"","overlay-type":"","overlay-color":"","overlay-opacity":"","overlay-gradient":""},"tablet":{"background-color":"","background-image":"","background-repeat":"repeat","background-position":"center center","background-size":"auto","background-attachment":"scroll","background-type":"","background-media":"","overlay-type":"","overlay-color":"","overlay-opacity":"","overlay-gradient":""},"mobile":{"background-color":"","background-image":"","background-repeat":"repeat","background-position":"center center","background-size":"auto","background-attachment":"scroll","background-type":"","background-media":"","overlay-type":"","overlay-color":"","overlay-opacity":"","overlay-gradient":""}},"ast-content-background-meta":{"desktop":{"background-color":"var(--ast-global-color-4)","background-image":"","background-repeat":"repeat","background-position":"center center","background-size":"auto","background-attachment":"scroll","background-type":"","background-media":"","overlay-type":"","overlay-color":"","overlay-opacity":"","overlay-gradient":""},"tablet":{"background-color":"var(--ast-global-color-4)","background-image":"","background-repeat":"repeat","background-position":"center center","background-size":"auto","background-attachment":"scroll","background-type":"","background-media":"","overlay-type":"","overlay-color":"","overlay-opacity":"","overlay-gradient":""},"mobile":{"background-color":"var(--ast-global-color-4)","background-image":"","background-repeat":"repeat","background-position":"center center","background-size":"auto","background-attachment":"scroll","background-type":"","background-media":"","overlay-type":"","overlay-color":"","overlay-opacity":"","overlay-gradient":""}},"footnotes":""},"class_list":["post-7484","page","type-page","status-publish","hentry"],"_links":{"self":[{"href":"https:\/\/www.granprimevans.com.br\/wp-json\/wp\/v2\/pages\/7484","targetHints":{"allow":["GET"]}}],"collection":[{"href":"https:\/\/www.granprimevans.com.br\/wp-json\/wp\/v2\/pages"}],"about":[{"href":"https:\/\/www.granprimevans.com.br\/wp-json\/wp\/v2\/types\/page"}],"author":[{"embeddable":true,"href":"https:\/\/www.granprimevans.com.br\/wp-json\/wp\/v2\/users\/3"}],"replies":[{"embeddable":true,"href":"https:\/\/www.granprimevans.com.br\/wp-json\/wp\/v2\/comments?post=7484"}],"version-history":[{"count":161,"href":"https:\/\/www.granprimevans.com.br\/wp-json\/wp\/v2\/pages\/7484\/revisions"}],"predecessor-version":[{"id":7842,"href":"https:\/\/www.granprimevans.com.br\/wp-json\/wp\/v2\/pages\/7484\/revisions\/7842"}],"wp:attachment":[{"href":"https:\/\/www.granprimevans.com.br\/wp-json\/wp\/v2\/media?parent=7484"}],"curies":[{"name":"wp","href":"https:\/\/api.w.org\/{rel}","templated":true}]}}